{"id":5480,"date":"2021-08-09T23:52:22","date_gmt":"2021-08-09T16:52:22","guid":{"rendered":"https:\/\/landscapesfuture.org\/bolivie\/"},"modified":"2022-09-08T16:55:56","modified_gmt":"2022-09-08T09:55:56","slug":"bolivie","status":"publish","type":"page","link":"https:\/\/landscapesfuture.org\/fr\/bolivie\/","title":{"rendered":"Bolivie"},"content":{"rendered":"<style>\n@media only screen and (max-width: 960px) {\n   #hero-page{\n    background-image:url(\"https:\/\/landscapesfuture.org\/wp-content\/uploads\/2021\/11\/bolivia-8.jpg\");\n    background-position-y: bottom;\n    background-position-x: center;\n  }\n}\n\n#hero-page::after {\n    position: absolute;\n    content: ' ';\n    z-index: 0;\n    height: 100%;\n    width: 100%;\n    background-color: rgb(0,0,0,0.4);\n    top: 0;\n    left: 0;\n}\n#hero-page.section-bg::before{\nbackground-position-y: -385px;\n}\n\n.page #header #menu a {\n    color: #fff;\n}\n\n.page #header #menu .sub-menu li a{\n  color:#333;\n}\n\n.page #header #menu .sub-menu li a:hover{\n color:#FFFFFF;\n}\n\n.home.page-id-429 #wrapper, .page.page-id-429 #wrapper {\n    margin-top: 82px;\n}\n.home.page-id-429 #header, .page.page-id-429 #header {\n    background-color: #2E3546;\n    border: 0px;\n}\n\n.home.page-id-429 #header.darkHeader #menu a, \n.page.page-id-429 #header.darkHeader #menu a{\n   color:#252122;\n}\n\n.home.page-id-429  #header.darkHeader, .page.page-id-429  #header.darkHeader {\n    background-color: #FFFFFF;\n    border-bottom: 1px solid #ddd;\n}\n\n.block-clear.wpe-block{\npadding: 20px 0px;\n}<\/style>\n<!-- section hero -->\n<!-- close div before -->\n        <\/div>\n    <\/article>\n<\/div>\n\n<div id=\"hero-page\" class=\" block-hero-page flex-vcenter section-bg\">\n    <div class=\"block-hero-page_bg\">\n        <img decoding=\"async\" src=\"https:\/\/landscapesfuture.org\/wp-content\/uploads\/2021\/11\/bolivia-8.jpg\">\n    <\/div>\n    <div class=\"block-hero-page_overlay\"><\/div>\n    <div class=\"block-hero-page_content\">\n        <div class=\"container\">\n\n            <div class=\"hero-page\">\n                <div class=\"hero-page_title text-light\">\n                    <h1>Bolivia<\/h1>\n                    <!--<p><\/p>-->\n                                    <\/div>\n            <\/div>\n        <\/div>\n    <\/div>\n<\/div>\n\n<div class=\"container\">\n    <div class=\"row\">\n        <div class=\"col-12\">\n            <div class=\"breadcrumbs\" itemscope itemtype=\"http:\/\/schema.org\/BreadcrumbList\"><span itemprop=\"itemListElement\" itemscope itemtype=\"http:\/\/schema.org\/ListItem\"><a class=\"breadcrumbs__link\" href=\"https:\/\/landscapesfuture.org\/fr\/\" itemprop=\"item\"><span itemprop=\"name\">Accueil<\/span><\/a><meta itemprop=\"position\" content=\"1\" \/><\/span><\/div><!-- .breadcrumbs -->        <\/div>\n    <\/div>\n<\/div>\n\n<div class=\"container\">\n    <article id=\"post-5480\" class=\"post-5480 page type-page status-publish hentry\">\n        <div class=\"entry-content\">\n<h1 class=\"project-title has-very-dark-gray-color has-text-color wp-block-heading\">L&rsquo;eau comme connecteur des paysages r\u00e9silients en Bolivie <br \/>Paysages r\u00e9silients dans la Chiquitania, Santa Cruz<\/h1>\n\n    <style> \n        .logo-partner-on-team {\n              max-height: 80px;\n              max-width: 180px;\n        }\n    <\/style><div id=\"\" class=\" block-clear wpe-block\"><h3 class=\"mt-3 mb-4 fs-3-5\"><\/h3><div><\/div><div class=\"wpe-block-title\"><h2>Funders<\/h2><\/div><div class=\"d-flex justify-content-start flex-wrap flex-row columns-10 middle-md m-margin-bottom-30 partner-list-items\" style=\"justify-content: flex-start;\">\n    \n            <div class=\"me-4 mb-4 partner-item d-table\">\n                <a href=\"\" class=\"d-table-cell align-middle\" title=\"European Union (EU)\">\n                    <img decoding=\"async\" src=\"https:\/\/www.cifor.org\/wp-content\/uploads\/2020\/05\/European-Union-logo.png\" alt=\"European Union (EU)\" class=\"logo-partner-on-team\" title=\"European Union (EU)\">\n                <\/a>\n            <\/div>\n    \n            <div class=\"me-4 mb-4 partner-item d-table\">\n                <a href=\"https:\/\/www.giz.de\/en\/worldwide\/389.html\" class=\"d-table-cell align-middle\" title=\"Cooperaci\u00f3n Alemana Deutsche Zusammenarbeit - GIZ GmbH\">\n                    <img decoding=\"async\" src=\"http:\/\/landscapesfuture.org\/wp-content\/uploads\/2022\/03\/Cooperacion_logo.png\" alt=\"Cooperaci\u00f3n Alemana Deutsche Zusammenarbeit - GIZ GmbH\" class=\"logo-partner-on-team\" title=\"Cooperaci\u00f3n Alemana Deutsche Zusammenarbeit - GIZ GmbH\">\n                <\/a>\n            <\/div>\n    \n            <div class=\"me-4 mb-4 partner-item d-table\">\n                <a href=\"https:\/\/www.giz.de\/en\/worldwide\/389.html\" class=\"d-table-cell align-middle\" title=\"Cooperaci\u00f3n Alemana Deutsche Zusammenarbeit - GIZ GmbH\">\n                    <img decoding=\"async\" src=\"http:\/\/landscapesfuture.org\/wp-content\/uploads\/2022\/03\/Implemented_GIZ.png\" alt=\"Cooperaci\u00f3n Alemana Deutsche Zusammenarbeit - GIZ GmbH\" class=\"logo-partner-on-team\" title=\"Cooperaci\u00f3n Alemana Deutsche Zusammenarbeit - GIZ GmbH\">\n                <\/a>\n            <\/div><\/div><div class=\"wpe-block-title\"><h2>Partner<\/h2><\/div><div class=\"d-flex justify-content-start flex-wrap flex-row columns-10 middle-md m-margin-bottom-30 partner-list-items\" style=\"justify-content: flex-start;\">\n    \n            <div class=\"me-4 mb-4 partner-item d-table\">\n                <a href=\"\" class=\"d-table-cell align-middle\" title=\"SCZ Gobierno Autonomo Departamental Santa Cruz\">\n                    <img decoding=\"async\" src=\"http:\/\/landscapesfuture.org\/wp-content\/uploads\/2022\/02\/scz-300.png\" alt=\"SCZ Gobierno Autonomo Departamental Santa Cruz\" class=\"logo-partner-on-team\" title=\"SCZ Gobierno Autonomo Departamental Santa Cruz\">\n                <\/a>\n            <\/div><\/div><\/div>\n<div class=\"wp-block-columns is-layout-flex wp-container-core-columns-is-layout-9d6595d7 wp-block-columns-is-layout-flex\">\n<div class=\"wp-block-column is-layout-flow wp-block-column-is-layout-flow\" style=\"flex-basis:80%\">\n<p><strong>Bailleurs de fonds :<\/strong> Union europ\u00e9enne (UE) et Minist\u00e8re f\u00e9d\u00e9ral allemand de la coop\u00e9ration \u00e9conomique et du d\u00e9veloppement (BMZ), mis en \u0153uvre par la Deutsche Gesellschaft f\u00fcr Internationale Zusammenarbeit (GIZ) dans le cadre de son programme PROCUENCA.<\/p>\n\n\n\n<p><strong>Partenaire :<\/strong> SCZ Gobierno Autonomo Departamental Santa Cruz<\/p>\n\n\n\n<h2 class=\"wp-block-heading\">Domaines th\u00e9matiques cl\u00e9s<\/h2>\n\n\n\n<p>La d\u00e9gradation de l&rsquo;environnement, la d\u00e9forestation, la vuln\u00e9rabilit\u00e9 au changement climatique et le passage \u00e0 une agriculture durable seront abord\u00e9s \u00e0 travers une approche \u00e0 trois niveaux : (i) am\u00e9liorer la s\u00e9curit\u00e9 de l&rsquo;eau dans les \u00e9cosyst\u00e8mes vuln\u00e9rables et menac\u00e9s ; (ii) renforcer les moyens de subsistance des communaut\u00e9s et les rendre plus r\u00e9silients au changement climatique ; et (iii) pr\u00e9venir la perte de biodiversit\u00e9 et la poursuite de la d\u00e9gradation des for\u00eats, des savanes et des rivi\u00e8res afin de maintenir les services \u00e9cosyst\u00e9miques vitaux gr\u00e2ce \u00e0 des projets pilotes.<\/p>\n\n\n\n<h2 class=\"wp-block-heading\">Objectif g\u00e9n\u00e9ral<\/h2>\n\n\n\n<p>Le projet Paysages r\u00e9silients dans la Chiquitania (Santa Cruz) soutient les acteurs cl\u00e9s aux niveaux local et r\u00e9gional pour promouvoir et mettre en \u0153uvre avec succ\u00e8s des politiques transformatrices qui am\u00e9lioreront la s\u00e9curit\u00e9 de l&rsquo;eau ainsi que la gestion int\u00e9gr\u00e9e et durable du paysage. En cons\u00e9quence, le projet contribue aux objectifs de d\u00e9veloppement durable (ODD) 5, 6, 12, 13, 15 et 17 et aux objectifs relatifs \u00e0 l&rsquo;eau, aux for\u00eats et \u00e0 l&rsquo;agriculture d\u00e9finis dans les contributions d\u00e9termin\u00e9es au niveau national (CDN) de la Bolivie.<\/p>\n\n\n\n<h2 class=\"wp-block-heading\">Objectifs sp\u00e9cifiques<\/h2>\n\n\n\n<ul class=\"wp-block-list\"><li>pour am\u00e9liorer la s\u00e9curit\u00e9 de l&rsquo;eau pour 70 000 personnes dans les communaut\u00e9s vuln\u00e9rables de la Chiquitania<\/li><li>promouvoir des plans territoriaux qui traitent du changement climatique et contribuent aux CDN li\u00e9es \u00e0 l&rsquo;eau, \u00e0 la for\u00eat et \u00e0 l&rsquo;agriculture au niveau des bassins versants<\/li><li>accompagner 300 acteurs cl\u00e9s dans divers secteurs en renfor\u00e7ant leurs capacit\u00e9s d\u2019adaptation au changement climatique, de s\u00e9curit\u00e9 hydrique ainsi que de gestion int\u00e9gr\u00e9e et durable des paysages<\/li><li>mettre en place des syst\u00e8mes d&rsquo;information num\u00e9riques pour une meilleure prise de d\u00e9cision<\/li><li>g\u00e9rer durablement 20 000 hectares de terres \u00e0 travers cinq projets pilotes<\/li><li>d\u00e9velopper et tester un m\u00e9canisme financier pour leur financement.<\/li><\/ul><\/div>\n\n\n\n<div class=\"wp-block-column is-layout-flow wp-block-column-is-layout-flow\" style=\"flex-basis:20%\"><\/div>\n<\/div>\n\n<div class=\"wp-block-columns is-layout-flex wp-container-core-columns-is-layout-9d6595d7 wp-block-columns-is-layout-flex\">\n<div class=\"wp-block-column is-layout-flow wp-block-column-is-layout-flow\">\n<h2 class=\"wp-block-heading\">D\u00e9fis<\/h2>\n\n\n\n<p>La pression sur les ressources en eau de surface et souterraines d\u00e9j\u00e0 rares augmente en raison de la croissance d\u00e9mographique &#8211; en particulier en dehors de la zone m\u00e9tropolitaine de Santa Cruz &#8211; des pratiques agricoles et d&rsquo;\u00e9levage non durables, de la d\u00e9forestation, des incendies de for\u00eat et d&rsquo;une planification inad\u00e9quate des infrastructures humaines. La d\u00e9gradation des for\u00eats est particuli\u00e8rement pr\u00e9occupante, car les zones foresti\u00e8res jouent un r\u00f4le crucial dans l&rsquo;att\u00e9nuation du changement climatique, l&rsquo;adaptation et la recharge de l&rsquo;eau, tout en abritant une grande biodiversit\u00e9. Les probl\u00e8mes socio-\u00e9conomiques se multiplient, avec l&rsquo;\u00e9mergence de conflits entre acteurs locaux. Les peuples autochtones sont de plus en plus vuln\u00e9rables aux effets du changement climatique car ils d\u00e9pendent des for\u00eats et de l&rsquo;eau que ces zones g\u00e9n\u00e8rent pour le maintien de leurs moyens de subsistance. Ces communaut\u00e9s ont peu de capacit\u00e9 \u00e0 faire face \u00e0 l&rsquo;ins\u00e9curit\u00e9 alimentaire et \u00e0 l&rsquo;instabilit\u00e9 \u00e9conomique.<\/p>\n<\/div>\n\n\n\n<div class=\"wp-block-column is-layout-flow wp-block-column-is-layout-flow\">\n<h2 class=\"wp-block-heading\">Objectif<\/h2>\n\n\n\n<p>Am\u00e9liorer la s\u00e9curit\u00e9 de l&rsquo;eau pour 120 000 personnes dans les communaut\u00e9s vuln\u00e9rables de la r\u00e9gion bois\u00e9e de Santa Cruz, dans les basses terres boliviennes, en rendant les moyens de subsistance plus r\u00e9sistants au changement climatique ; et pour conserver et restaurer les \u00e9cosyst\u00e8mes cl\u00e9s de la r\u00e9gion.<\/p>\n<\/div>\n<\/div>\n\n<div class=\"wp-block-columns wpe-mapbg wpe-section-bg is-layout-flex wp-container-core-columns-is-layout-9d6595d7 wp-block-columns-is-layout-flex\">\n<div class=\"wp-block-column is-layout-flow wp-block-column-is-layout-flow\">\n<img decoding=\"async\" src=\"http:\/\/landscapesfuture.org\/wp-content\/uploads\/svg-map\/Landscape%20for%20our%20future-country%20map-worldwide_Bolivia.svg\" style=\"width:100%;padding-right:60px\" \/><\/div>\n\n\n\n<div class=\"wp-block-column is-layout-flow wp-block-column-is-layout-flow\">\n<h2 class=\"wp-block-heading\">Paysages<\/h2>\n\n\n\n<p>Le d\u00e9partement de Santa Cruz fait partie du bassin amazonien et comprend une grande partie des for\u00eats de plaine de la Bolivie. Il abrite de nombreuses communaut\u00e9s autochtones et de petits exploitants agricoles qui sont tr\u00e8s vuln\u00e9rables \u00e0 la pauvret\u00e9 et aux risques li\u00e9s au climat. Le d\u00e9partement contient 78% de la biodiversit\u00e9 de la Bolivie et soutient 70% de la production agricole du pays. La Chiquitania, dans les basses terres orientales du d\u00e9partement, est un bassin versant fluvial de taille moyenne menac\u00e9 par l&rsquo;avanc\u00e9e rapide de la fronti\u00e8re agricole, l&rsquo;\u00e9levage du b\u00e9tail et la croissance rapide des cultures de soja. Il abrite la plus grande for\u00eat tropicale s\u00e8che pr\u00e9serv\u00e9e au monde, la for\u00eat s\u00e8che de Chiquitano, qui comprend une mosa\u00efque de paysages allant de la pampa, de la for\u00eat et de la for\u00eat biodiversifi\u00e9e. Il comprend \u00e9galement la for\u00eat amazonienne dans les parties inf\u00e9rieures du bassin versant. La partie sup\u00e9rieure de la rivi\u00e8re Pirai est un point cl\u00e9 pour la biodiversit\u00e9 ainsi que la production de fruits et l\u00e9gumes. Le bassin versant inf\u00e9rieur est caract\u00e9ris\u00e9 par une agriculture accrue, en particulier la monoculture et l&rsquo;\u00e9levage. Le bassin fluvial est un bassin important qui alimente en eau souterraine la ville de Santa Cruz.<\/p>\n<\/div>\n<\/div>\n\n<div class=\"wp-block-columns is-layout-flex wp-container-core-columns-is-layout-9d6595d7 wp-block-columns-is-layout-flex\">\n<div class=\"wp-block-column is-layout-flow wp-block-column-is-layout-flow\" style=\"flex-basis:80%\">\n<h2 class=\"wp-block-heading\">Approcher<\/h2>\n\n\n\n<p>Le projet aborde les questions environnementales et sociales \u00e0 travers une perspective int\u00e9gr\u00e9e et multi-niveaux bas\u00e9e sur une gestion int\u00e9gr\u00e9e et durable du paysage. Il se concentre \u00e9galement sur la s\u00e9curit\u00e9 de l&rsquo;eau &#8211; \u00e0 travers la gestion des ressources en eau &#8211; les pratiques agricoles et d&rsquo;\u00e9levage durables, la restauration des zones de conservation de grande valeur ainsi que la protection des habitats et de leur biodiversit\u00e9.<\/p>\n\n\n\n<p><strong>Gestion int\u00e9gr\u00e9e du paysage : <\/strong><\/p>\n\n\n\n<p>La gestion int\u00e9gr\u00e9e du paysage est l&rsquo;\u00e9quilibre entre le milieu humain (socio\u00e9conomique et culturel) et le milieu naturel (biophysique). <\/p>\n\n\n\n<p>Un des principaux outils de la gestion int\u00e9gr\u00e9e du paysage est la connaissance et la reconnaissance de notre bassin versant et de notre territoire afin de comprendre l&rsquo;interaction entre les activit\u00e9s humaines et la dynamique de la nature. A partir de l\u00e0, diff\u00e9rents territoires (unit\u00e9s paysag\u00e8res) peuvent \u00eatre d\u00e9limit\u00e9s pour d\u00e9finir (i) les zones de production durable, (ii) la conservation de la biodiversit\u00e9, et (iii) la restauration du syst\u00e8me vital. Cela d\u00e9crit la meilleure fa\u00e7on de vivre ensemble dans notre bassin versant. <\/p>\n\n\n\n<p><strong>S\u00e9curit\u00e9 de l&rsquo;eau :<\/strong><\/p>\n\n\n\n<p>La s\u00e9curit\u00e9 hydrique est la capacit\u00e9 d&rsquo;acc\u00e9der \u00e0 une eau non pollu\u00e9e en quantit\u00e9 suffisante pour assurer une bonne qualit\u00e9 de vie et une utilisation ad\u00e9quate pour le d\u00e9veloppement des \u00eatres vivants.<\/p>\n\n\n\n<p>Il est donc important que nous mettions en \u0153uvre des actions pour prot\u00e9ger les \u00e9cosyst\u00e8mes qui fournissent notre eau et qui sont essentiels \u00e0 notre bien-\u00eatre et \u00e0 notre d\u00e9veloppement.<\/p>\n\n\n\n<p>Sans un \u00e9cosyst\u00e8me sain, aucune activit\u00e9 humaine n&rsquo;est viable.<\/p>\n\n\n\n<h2 class=\"wp-block-heading\">Actions sp\u00e9cifiques<\/h2>\n\n\n\n<p>Le projet:<\/p>\n\n\n\n<ul class=\"wp-block-list\"><li>aide les principales parties prenantes \u00e0 mettre en \u0153uvre et \u00e0 promouvoir avec succ\u00e8s des politiques transformatrices pour la s\u00e9curit\u00e9 de l&rsquo;eau et la gestion int\u00e9gr\u00e9e durable du paysage<\/li><li>promeut la bonne gouvernance pour am\u00e9liorer les processus de gestion inter-agences pour la planification de la s\u00e9curit\u00e9 de l&rsquo;eau et les paysages r\u00e9silients<\/li><li>soutient les CDN au niveau infranational, facilitant l&rsquo;acc\u00e8s au financement climatique<\/li><li>met en \u0153uvre et am\u00e9liore les syst\u00e8mes d&rsquo;information existants au niveau minist\u00e9riel pour appuyer la prise de d\u00e9cision au niveau du bassin versant<\/li><li>am\u00e9liore les capacit\u00e9s des parties prenantes pour la gestion des ressources en eau sensibles au climat dans divers secteurs<\/li><li>promeut les approches interculturelles et d&rsquo;\u00e9quit\u00e9 entre les sexes.<\/li><\/ul>\n\n\n<p>Pour am\u00e9liorer la durabilit\u00e9 des activit\u00e9s, des m\u00e9canismes de financement possibles seront explor\u00e9s et des partenariats avec le secteur priv\u00e9 seront facilit\u00e9s, favorisant la gestion de l&rsquo;environnement et d\u00e9veloppant des cha\u00eenes d&rsquo;approvisionnement durables.<\/p>\n<\/div>\n\n\n\n<div class=\"wp-block-column is-layout-flow wp-block-column-is-layout-flow\" style=\"flex-basis:20%\"><\/div>\n<\/div>\n\n<div class=\"wp-block-columns wpe-bggrey wpe-section-bg is-layout-flex wp-container-core-columns-is-layout-9d6595d7 wp-block-columns-is-layout-flex\">\n<div class=\"wp-block-column is-layout-flow wp-block-column-is-layout-flow\">\n<h2 class=\"wp-block-heading\">Contact<\/h2>\n\n\n\n<p>Dr Miriam Seemann<br \/>paisajesresilientes@giz.de<\/p>\n<\/div>\n<\/div>\n\n<div class=\"wp-block-columns pt-5 pb-5 is-layout-flex wp-container-core-columns-is-layout-9d6595d7 wp-block-columns-is-layout-flex\">\n<div class=\"wp-block-column is-layout-flow wp-block-column-is-layout-flow\">\n<h2 class=\"wp-block-heading\">Plus d&rsquo;informations<\/h2>\n\n\n\n<p><a href=\"https:\/\/www.paisajesresilientes.org\">www.paisajesresilientes.org<\/a><\/p>\n<\/div>\n<\/div>\n","protected":false},"excerpt":{"rendered":"<p>L&rsquo;eau comme connecteur des paysages r\u00e9silients en Bolivie Paysages r\u00e9silients dans la Chiquitania, Santa Cruz Bailleurs de fonds : Union europ\u00e9enne (UE) et Minist\u00e8re f\u00e9d\u00e9ral allemand de la coop\u00e9ration \u00e9conomique et du d\u00e9veloppement (BMZ), mis en \u0153uvre par la Deutsche Gesellschaft f\u00fcr Internationale Zusammenarbeit (GIZ) dans le cadre de son programme PROCUENCA. Partenaire : SCZ [&hellip;]<\/p>\n","protected":false},"author":1,"featured_media":0,"parent":0,"menu_order":0,"comment_status":"closed","ping_status":"closed","template":"templates\/template-page-gutenberg.php","meta":{"inline_featured_image":false,"footnotes":"","_links_to":"","_links_to_target":""},"class_list":["post-5480","page","type-page","status-publish","hentry"],"_links":{"self":[{"href":"https:\/\/landscapesfuture.org\/fr\/wp-json\/wp\/v2\/pages\/5480","targetHints":{"allow":["GET"]}}],"collection":[{"href":"https:\/\/landscapesfuture.org\/fr\/wp-json\/wp\/v2\/pages"}],"about":[{"href":"https:\/\/landscapesfuture.org\/fr\/wp-json\/wp\/v2\/types\/page"}],"author":[{"embeddable":true,"href":"https:\/\/landscapesfuture.org\/fr\/wp-json\/wp\/v2\/users\/1"}],"replies":[{"embeddable":true,"href":"https:\/\/landscapesfuture.org\/fr\/wp-json\/wp\/v2\/comments?post=5480"}],"version-history":[{"count":5,"href":"https:\/\/landscapesfuture.org\/fr\/wp-json\/wp\/v2\/pages\/5480\/revisions"}],"predecessor-version":[{"id":6761,"href":"https:\/\/landscapesfuture.org\/fr\/wp-json\/wp\/v2\/pages\/5480\/revisions\/6761"}],"wp:attachment":[{"href":"https:\/\/landscapesfuture.org\/fr\/wp-json\/wp\/v2\/media?parent=5480"}],"curies":[{"name":"wp","href":"https:\/\/api.w.org\/{rel}","templated":true}]}}